{"id":280,"date":"2023-03-21T07:22:42","date_gmt":"2023-03-21T07:22:42","guid":{"rendered":"https:\/\/es.360immigrationlaw.com\/?page_id=280"},"modified":"2026-04-28T17:04:09","modified_gmt":"2026-04-28T17:04:09","slug":"nuestro-equipo","status":"publish","type":"page","link":"https:\/\/360immigrationlaw.com\/es\/sobre-nosotros\/nuestro-equipo\/","title":{"rendered":"NUESTRO EQUIPO"},"content":{"rendered":"<p>[et_pb_section fb_built=\u00bb1&#8243; custom_padding_last_edited=\u00bbon|phone\u00bb module_id=\u00bbhead-sec\u00bb _builder_version=\u00bb4.21.0&#8243; _module_preset=\u00bbdefault\u00bb use_background_color_gradient=\u00bbon\u00bb background_color_gradient_direction=\u00bb91deg\u00bb background_color_gradient_stops=\u00bbrgba(0,0,0,0.87) 0%|rgba(0,0,0,0.33) 99%\u00bb background_image=\u00bbhttps:\/\/360immigrationlaw.com\/es\/wp-content\/uploads\/2023\/05\/OUR_TEAM_Header_image.jpeg\u00bb custom_padding=\u00bb400px||80px||false|false\u00bb custom_padding_tablet=\u00bb200px||200px||false|false\u00bb custom_padding_phone=\u00bb30px||30px||true|false\u00bb global_colors_info=\u00bb{}\u00bb][et_pb_row custom_padding_last_edited=\u00bbon|desktop\u00bb _builder_version=\u00bb4.21.0&#8243; _module_preset=\u00bbdefault\u00bb custom_margin=\u00bb||||true|false\u00bb custom_padding=\u00bb80px||80px||true|false\u00bb custom_padding_tablet=\u00bb50px||50px||true|false\u00bb custom_padding_phone=\u00bb150px||0px||false|false\u00bb global_colors_info=\u00bb{}\u00bb][et_pb_column type=\u00bb4_4&#8243; _builder_version=\u00bb4.21.0&#8243; _module_preset=\u00bbdefault\u00bb custom_padding=\u00bb||||false|false\u00bb global_colors_info=\u00bb{}\u00bb][et_pb_text _builder_version=\u00bb4.21.0&#8243; _module_preset=\u00bbdefault\u00bb header_font=\u00bbAdobe Garamond Pro Semibold|600|||||||\u00bb background_layout=\u00bbdark\u00bb custom_margin=\u00bb||||false|false\u00bb custom_padding=\u00bb||||false|false\u00bb header_font_size_tablet=\u00bb\u00bb header_font_size_phone=\u00bb30px\u00bb header_font_size_last_edited=\u00bbon|phone\u00bb global_colors_info=\u00bb{}\u00bb]<\/p>\n<h1>NUESTRO EQUIPO<\/h1>\n<p>[\/et_pb_text][\/et_pb_column][\/et_pb_row][\/et_pb_section][et_pb_section fb_built=\u00bb1&#8243; custom_padding_last_edited=\u00bbon|phone\u00bb _builder_version=\u00bb4.22.1&#8243; _module_preset=\u00bbdefault\u00bb custom_margin=\u00bb||||false|false\u00bb custom_margin_tablet=\u00bb\u00bb custom_margin_phone=\u00bb||||false|false\u00bb custom_margin_last_edited=\u00bbon|phone\u00bb custom_padding=\u00bb||||false|false\u00bb custom_padding_tablet=\u00bb\u00bb custom_padding_phone=\u00bb||||false|false\u00bb global_colors_info=\u00bb{}\u00bb][et_pb_row _builder_version=\u00bb4.21.0&#8243; _module_preset=\u00bbdefault\u00bb custom_margin=\u00bb||||false|false\u00bb custom_padding=\u00bb0px||||false|false\u00bb global_colors_info=\u00bb{}\u00bb][et_pb_column type=\u00bb4_4&#8243; _builder_version=\u00bb4.20.2&#8243; _module_preset=\u00bbdefault\u00bb global_colors_info=\u00bb{}\u00bb][et_pb_text _builder_version=\u00bb4.21.0&#8243; _module_preset=\u00bbdefault\u00bb header_2_font=\u00bbHelvetica Neu Bold|700|||||||\u00bb header_2_text_color=\u00bbgcid-30b07574-da3b-4944-bfd9-3b5cde1edd29&#8243; header_2_font_size=\u00bb51px\u00bb header_4_font=\u00bbHelvetica Neu Bold|700|||||||\u00bb header_4_text_align=\u00bbcenter\u00bb header_4_text_color=\u00bbgcid-30b07574-da3b-4944-bfd9-3b5cde1edd29&#8243; header_4_font_size=\u00bb25px\u00bb header_4_line_height=\u00bb1.5em\u00bb text_orientation=\u00bbcenter\u00bb header_2_font_size_tablet=\u00bb51px\u00bb header_2_font_size_phone=\u00bb30px\u00bb header_2_font_size_last_edited=\u00bbon|phone\u00bb header_2_line_height_tablet=\u00bb\u00bb header_2_line_height_phone=\u00bb1.3em\u00bb header_2_line_height_last_edited=\u00bbon|phone\u00bb header_4_font_size_tablet=\u00bb25px\u00bb header_4_font_size_phone=\u00bb24px\u00bb header_4_font_size_last_edited=\u00bbon|phone\u00bb header_4_line_height_tablet=\u00bb1.5em\u00bb header_4_line_height_phone=\u00bb1.2em\u00bb header_4_line_height_last_edited=\u00bbon|phone\u00bb global_colors_info=\u00bb{%22gcid-30b07574-da3b-4944-bfd9-3b5cde1edd29%22:%91%22header_4_text_color%22,%22header_2_text_color%22%93}\u00bb]<\/p>\n<h2>NUESTRA ABOGADA<\/h2>\n<h4>Jamile Moraes Pellicer, ESQ.<br \/>\nAbogada Titular<\/h4>\n<p>[\/et_pb_text][et_pb_divider color=\u00bb#b0782c\u00bb divider_weight=\u00bb23px\u00bb _builder_version=\u00bb4.21.0&#8243; _module_preset=\u00bbdefault\u00bb global_colors_info=\u00bb{}\u00bb][\/et_pb_divider][\/et_pb_column][\/et_pb_row][et_pb_row column_structure=\u00bb2_5,3_5&#8243; make_equal=\u00bbon\u00bb _builder_version=\u00bb4.21.0&#8243; _module_preset=\u00bbdefault\u00bb custom_margin=\u00bb||||false|false\u00bb custom_padding=\u00bb||||false|false\u00bb border_color_top=\u00bbgcid-b8da75e9-f58d-4e78-8deb-774f61f841ee\u00bb border_color_left=\u00bbgcid-b8da75e9-f58d-4e78-8deb-774f61f841ee\u00bb global_colors_info=\u00bb{%22gcid-b8da75e9-f58d-4e78-8deb-774f61f841ee%22:%91%22border_color_left%22,%22border_color_top%22%93}\u00bb][et_pb_column type=\u00bb2_5&#8243; _builder_version=\u00bb4.21.0&#8243; _module_preset=\u00bbdefault\u00bb background_image=\u00bbhttps:\/\/360immigrationlaw.com\/es\/wp-content\/uploads\/2023\/07\/OUR_TEAM_Jamile_image.jpg\u00bb background_last_edited=\u00bbon|tablet\u00bb background_enable_image_tablet=\u00bboff\u00bb global_colors_info=\u00bb{}\u00bb][et_pb_image src=\u00bbhttps:\/\/360immigrationlaw.com\/es\/wp-content\/uploads\/2023\/07\/OUR_TEAM_Jamile_image.jpg\u00bb alt=\u00bbJamile Moraes Pellicer, ESQ. Titular Attorney\u00bb title_text=\u00bbOUR_TEAM_Jamile_image\u00bb disabled_on=\u00bboff|off|on\u00bb _builder_version=\u00bb4.21.0&#8243; _module_preset=\u00bbdefault\u00bb custom_padding=\u00bb||||false|false\u00bb global_colors_info=\u00bb{}\u00bb][\/et_pb_image][\/et_pb_column][et_pb_column type=\u00bb3_5&#8243; _builder_version=\u00bb4.21.0&#8243; _module_preset=\u00bbdefault\u00bb global_colors_info=\u00bb{%22gcid-b8da75e9-f58d-4e78-8deb-774f61f841ee%22:%91%22border_color_left%22%93}\u00bb][et_pb_text _builder_version=\u00bb4.21.0&#8243; _module_preset=\u00bbdefault\u00bb text_font=\u00bbHelveticaNeue normal||||||||\u00bb text_text_color=\u00bb#707070&#8243; header_4_font=\u00bb|700|||||||\u00bb header_4_text_color=\u00bbgcid-30b07574-da3b-4944-bfd9-3b5cde1edd29&#8243; header_4_font_size=\u00bb20px\u00bb custom_margin_tablet=\u00bb||-66px|||\u00bb custom_margin_phone=\u00bb||0px||false|false\u00bb custom_margin_last_edited=\u00bboff|desktop\u00bb custom_padding_tablet=\u00bb\u00bb custom_padding_phone=\u00bb0px||0px||false|false\u00bb custom_padding_last_edited=\u00bbon|phone\u00bb text_font_size_tablet=\u00bb\u00bb text_font_size_phone=\u00bb20px\u00bb text_font_size_last_edited=\u00bbon|phone\u00bb global_colors_info=\u00bb{%22gcid-30b07574-da3b-4944-bfd9-3b5cde1edd29%22:%91%22header_4_text_color%22%93}\u00bb]<\/p>\n<p>Soy una abogada que practica leyes de inmigraci\u00f3n en el sur de Florida.<\/p>\n<p>Mi pr\u00e1ctica aboga por los derechos de aquellos que de otro modo no tendr\u00edan acceso a la informaci\u00f3n necesaria para representarse a s\u00ed mismos con \u00e9xito. Ofrezco representaci\u00f3n legal, asesor\u00eda legal y estrategia legal para quienes necesitan diversos servicios migratorios. En asuntos familiares me ocupo de divorcios.<\/p>\n<p>Nac\u00ed en Vit\u00f3ria, Esp\u00edrito Santo, Brasil, donde me cri\u00e9 y pas\u00e9 mi infancia. Llegu\u00e9 a los Estados Unidos con mis padres y mi hermana menor, cuando era adolescente, y desde entonces he estado inmersa en la rica y diversa cultura latina que adorna el sur de Florida. Mi experiencia de vida como inmigrante en Estados Unidos me brinda una comprensi\u00f3n profunda y \u00fanica de los problemas legales y los desaf\u00edos que enfrentan las comunidades hispanas y latinas en el sur de Florida, por lo que he dedicado mi carrera para ayudar a personas indocumentadas y tratarlos como familia.<\/p>\n<p>Personalmente creo que cualquier inmigrante se merece un abogado que realmente comprenda su cultura y tambi\u00e9n hable su idioma.<\/p>\n<p>Despu\u00e9s de recibir una Licenciatura en Administraci\u00f3n de Empresas y una Especializacion en Marketing en la universidad de Florida Atlantic University, decid\u00ed asistir a la Universidad Nova Southeastern, Shepard Law Center, donde recib\u00ed mi licenciatura en Derecho. Durante mi tiempo en Nova, tuve el honor de servir como miembro general y editor de presentaciones de la Sociedad de Honor de Nova Law Review, donde mejor\u00e9 mi capacidad para escribir y revisar art\u00edculos legales acad\u00e9micos. Complet\u00e9 el Programa de Honor de la Escuela de Derecho de Shepard con m\u00e1s de 200 horas de trabajo pro bono.<\/p>\n<p>Soy un miembro activo de mi comunidad en el condado de Broward, donde vivo con mi familia: mi esposo Joseph-Cubano, nuestra beb\u00e9 Isabella, mis hijastros Sarah y Chris, y nuestra perra Lola.<\/p>\n<p>[\/et_pb_text][\/et_pb_column][\/et_pb_row][et_pb_row custom_padding_last_edited=\u00bbon|phone\u00bb _builder_version=\u00bb4.21.0&#8243; _module_preset=\u00bbdefault\u00bb custom_margin=\u00bb||||false|false\u00bb custom_margin_tablet=\u00bb||||false|false\u00bb custom_margin_phone=\u00bb||||false|false\u00bb custom_margin_last_edited=\u00bbon|phone\u00bb custom_padding=\u00bb90px||||false|false\u00bb custom_padding_tablet=\u00bb90px||||false|false\u00bb custom_padding_phone=\u00bb0px||||false|false\u00bb border_color_bottom=\u00bbgcid-b8da75e9-f58d-4e78-8deb-774f61f841ee\u00bb global_colors_info=\u00bb{%22gcid-b8da75e9-f58d-4e78-8deb-774f61f841ee%22:%91%22border_color_bottom%22%93}\u00bb][et_pb_column type=\u00bb4_4&#8243; _builder_version=\u00bb4.20.2&#8243; _module_preset=\u00bbdefault\u00bb global_colors_info=\u00bb{}\u00bb][et_pb_text _builder_version=\u00bb4.21.0&#8243; _module_preset=\u00bbdefault\u00bb header_2_font=\u00bbHelvetica Neu Bold|700|||||||\u00bb header_2_text_color=\u00bbgcid-30b07574-da3b-4944-bfd9-3b5cde1edd29&#8243; header_2_font_size=\u00bb51px\u00bb header_4_font=\u00bb|700|||||||\u00bb header_4_text_color=\u00bbgcid-30b07574-da3b-4944-bfd9-3b5cde1edd29&#8243; header_4_font_size=\u00bb23px\u00bb text_orientation=\u00bbcenter\u00bb header_2_font_size_tablet=\u00bb51px\u00bb header_2_font_size_phone=\u00bb30px\u00bb header_2_font_size_last_edited=\u00bbon|phone\u00bb header_2_line_height_tablet=\u00bb\u00bb header_2_line_height_phone=\u00bb1.3em\u00bb header_2_line_height_last_edited=\u00bbon|phone\u00bb locked=\u00bboff\u00bb global_colors_info=\u00bb{%22gcid-30b07574-da3b-4944-bfd9-3b5cde1edd29%22:%91%22header_4_text_color%22,%22header_2_text_color%22%93}\u00bb]<\/p>\n<h2>NUESTRO EQUIPO<\/h2>\n<p>[\/et_pb_text][et_pb_divider color=\u00bbgcid-b8da75e9-f58d-4e78-8deb-774f61f841ee\u00bb divider_weight=\u00bb23px\u00bb _builder_version=\u00bb4.21.0&#8243; _module_preset=\u00bbdefault\u00bb global_colors_info=\u00bb{%22gcid-b8da75e9-f58d-4e78-8deb-774f61f841ee%22:%91%22color%22%93}\u00bb][\/et_pb_divider][\/et_pb_column][\/et_pb_row][et_pb_row column_structure=\u00bb1_3,1_3,1_3&#8243; _builder_version=\u00bb4.27.6&#8243; _module_preset=\u00bbdefault\u00bb global_colors_info=\u00bb{}\u00bb][et_pb_column type=\u00bb1_3&#8243; _builder_version=\u00bb4.27.6&#8243; _module_preset=\u00bbdefault\u00bb global_colors_info=\u00bb{}\u00bb][et_pb_blurb title=\u00bbIsis Alpoim Scardua, Esq.\u00bb image=\u00bbhttps:\/\/360immigrationlaw.com\/es\/wp-content\/uploads\/2026\/04\/Isis_Alpoim_Scardue_-_Associate_Attorney__1__371_circle.png\u00bb alt=\u00bbOUR_TEAM_Samantha_Hover_image\u00bb image_icon_width=\u00bb70%\u00bb module_class=\u00bbteam-bios\u00bb _builder_version=\u00bb4.27.6&#8243; _module_preset=\u00bbdefault\u00bb header_font=\u00bb|600|||||||\u00bb header_text_align=\u00bbcenter\u00bb header_text_color=\u00bb#FFFFFF\u00bb header_font_size=\u00bb24px\u00bb body_text_align=\u00bbcenter\u00bb body_font_size=\u00bb20px\u00bb background_layout=\u00bbdark\u00bb custom_css_free_form=\u00bb.team-bios .et_pb_blurb_container {||    padding: 20px;||    margin-top: -20px;||    background: #7a121f;||}\u00bb custom_css_blurb_image=\u00bbmargin-bottom: 0;\u00bb custom_css_blurb_title=\u00bbz-index: 2;\u00bb custom_css_blurb_content=\u00bbz-index: 2;\u00bb dsm_modules_popup=\u00bbon\u00bb dsm_modules_popup_library=\u00bb83931&#8243; locked=\u00bboff\u00bb global_colors_info=\u00bb{}\u00bb image__hover_enabled=\u00bbon|hover\u00bb image__hover=\u00bbhttps:\/\/360immigrationlaw.com\/es\/wp-content\/uploads\/2026\/04\/Isis_Alpoim_Scardue_-_Associate_Attorney__1__371_circle.png\u00bb]<\/p>\n<p>Abogada Asociada<\/p>\n<p>[\/et_pb_blurb][\/et_pb_column][et_pb_column type=\u00bb1_3&#8243; _builder_version=\u00bb4.27.6&#8243; _module_preset=\u00bbdefault\u00bb global_colors_info=\u00bb{}\u00bb][et_pb_blurb title=\u00bbBianca Piccoli-Mako\u00bb image=\u00bbhttps:\/\/360immigrationlaw.com\/es\/wp-content\/uploads\/2026\/04\/Bianca_Piccoli-Mako_-_Associate_Attorney__1__371_circle.png\u00bb alt=\u00bbOUR_TEAM_Samantha_Hover_image\u00bb image_icon_width=\u00bb70%\u00bb module_class=\u00bbteam-bios\u00bb _builder_version=\u00bb4.27.6&#8243; _module_preset=\u00bbdefault\u00bb header_font=\u00bb|600|||||||\u00bb header_text_align=\u00bbcenter\u00bb header_text_color=\u00bb#FFFFFF\u00bb header_font_size=\u00bb24px\u00bb body_text_align=\u00bbcenter\u00bb body_font_size=\u00bb20px\u00bb background_layout=\u00bbdark\u00bb custom_css_free_form=\u00bb.team-bios .et_pb_blurb_container {||    padding: 20px;||    margin-top: -20px;||    background: #7a121f;||}\u00bb custom_css_blurb_image=\u00bbmargin-bottom: 0;\u00bb custom_css_blurb_title=\u00bbz-index: 2;\u00bb custom_css_blurb_content=\u00bbz-index: 2;\u00bb dsm_modules_popup=\u00bbon\u00bb dsm_modules_popup_library=\u00bb83936&#8243; locked=\u00bboff\u00bb global_colors_info=\u00bb{}\u00bb image__hover_enabled=\u00bbon|hover\u00bb image__hover=\u00bbhttps:\/\/360immigrationlaw.com\/es\/wp-content\/uploads\/2026\/04\/Bianca_Piccoli-Mako_-_Associate_Attorney__1__371_circle.png\u00bb]<\/p>\n<p>Abogada Asociada<\/p>\n<p>[\/et_pb_blurb][\/et_pb_column][et_pb_column type=\u00bb1_3&#8243; _builder_version=\u00bb4.27.6&#8243; _module_preset=\u00bbdefault\u00bb global_colors_info=\u00bb{}\u00bb][et_pb_blurb title=\u00bbJaci Simonet\u00bb image=\u00bbhttps:\/\/360immigrationlaw.com\/es\/wp-content\/uploads\/2023\/03\/Ellipse-22.png\u00bb alt=\u00bbJaci Simonet\u00bb image_icon_width=\u00bb70%\u00bb module_class=\u00bbteam-bios\u00bb _builder_version=\u00bb4.27.6&#8243; _module_preset=\u00bbdefault\u00bb header_font=\u00bb|600|||||||\u00bb header_text_align=\u00bbcenter\u00bb header_text_color=\u00bb#FFFFFF\u00bb header_font_size=\u00bb24px\u00bb body_text_align=\u00bbcenter\u00bb body_font_size=\u00bb20px\u00bb background_layout=\u00bbdark\u00bb custom_css_free_form=\u00bb.team-bios .et_pb_blurb_container {||    padding: 20px;||    margin-top: -20px;||    background: #7a121f;||}\u00bb custom_css_blurb_image=\u00bbmargin-bottom: 0;\u00bb custom_css_blurb_title=\u00bbz-index: 2;\u00bb custom_css_blurb_content=\u00bbz-index: 2;\u00bb dsm_modules_popup=\u00bbon\u00bb dsm_modules_popup_library=\u00bb3603&#8243; locked=\u00bboff\u00bb global_colors_info=\u00bb{}\u00bb image__hover_enabled=\u00bbon|hover\u00bb image__hover=\u00bbhttps:\/\/360immigrationlaw.com\/es\/wp-content\/uploads\/2023\/03\/Ellipse-22.png\u00bb]<\/p>\n<p>Gerente de Oficina\/Analista<\/p>\n<p>[\/et_pb_blurb][\/et_pb_column][\/et_pb_row][et_pb_row column_structure=\u00bb1_3,1_3,1_3&#8243; _builder_version=\u00bb4.27.6&#8243; _module_preset=\u00bbdefault\u00bb global_colors_info=\u00bb{}\u00bb][et_pb_column type=\u00bb1_3&#8243; _builder_version=\u00bb4.27.6&#8243; _module_preset=\u00bbdefault\u00bb global_colors_info=\u00bb{}\u00bb][et_pb_blurb title=\u00bbJoseph Pellicer\u00bb image=\u00bbhttps:\/\/360immigrationlaw.com\/es\/wp-content\/uploads\/2026\/04\/Joseph_Pellicer_-_Director_of_Operations__1__371_circle.png\u00bb alt=\u00bbOUR_TEAM_Samantha_Hover_image\u00bb image_icon_width=\u00bb70%\u00bb module_class=\u00bbteam-bios\u00bb _builder_version=\u00bb4.27.6&#8243; _module_preset=\u00bbdefault\u00bb header_font=\u00bb|600|||||||\u00bb header_text_align=\u00bbcenter\u00bb header_text_color=\u00bb#FFFFFF\u00bb header_font_size=\u00bb24px\u00bb body_text_align=\u00bbcenter\u00bb body_font_size=\u00bb20px\u00bb background_layout=\u00bbdark\u00bb custom_css_free_form=\u00bb.team-bios .et_pb_blurb_container {||    padding: 20px;||    margin-top: -20px;||    background: #7a121f;||}\u00bb custom_css_blurb_image=\u00bbmargin-bottom: 0;\u00bb custom_css_blurb_title=\u00bbz-index: 2;\u00bb custom_css_blurb_content=\u00bbz-index: 2;\u00bb dsm_modules_popup=\u00bbon\u00bb dsm_modules_popup_library=\u00bb83944&#8243; locked=\u00bboff\u00bb global_colors_info=\u00bb{}\u00bb image__hover_enabled=\u00bbon|hover\u00bb image__hover=\u00bbhttps:\/\/360immigrationlaw.com\/es\/wp-content\/uploads\/2026\/04\/Joseph_Pellicer_-_Director_of_Operations__1__371_circle.png\u00bb]<\/p>\n<p>Director de Operaciones<\/p>\n<p>[\/et_pb_blurb][\/et_pb_column][et_pb_column type=\u00bb1_3&#8243; _builder_version=\u00bb4.27.6&#8243; _module_preset=\u00bbdefault\u00bb global_colors_info=\u00bb{}\u00bb][et_pb_blurb title=\u00bbEduardo Bueno Ruiz\u00bb image=\u00bbhttps:\/\/360immigrationlaw.com\/es\/wp-content\/uploads\/2024\/12\/Eduardo-img-1.png\u00bb alt=\u00bbOUR_TEAM_Samantha_Hover_image\u00bb image_icon_width=\u00bb70%\u00bb module_class=\u00bbteam-bios\u00bb _builder_version=\u00bb4.27.6&#8243; _module_preset=\u00bbdefault\u00bb header_font=\u00bb|600|||||||\u00bb header_text_align=\u00bbcenter\u00bb header_text_color=\u00bb#FFFFFF\u00bb header_font_size=\u00bb24px\u00bb body_text_align=\u00bbcenter\u00bb body_font_size=\u00bb20px\u00bb background_layout=\u00bbdark\u00bb custom_css_free_form=\u00bb.team-bios .et_pb_blurb_container {||    padding: 20px;||    margin-top: -20px;||    background: #7a121f;||}\u00bb custom_css_blurb_image=\u00bbmargin-bottom: 0;\u00bb custom_css_blurb_title=\u00bbz-index: 2;\u00bb custom_css_blurb_content=\u00bbz-index: 2;\u00bb dsm_modules_popup=\u00bbon\u00bb dsm_modules_popup_library=\u00bb83949&#8243; locked=\u00bboff\u00bb global_colors_info=\u00bb{}\u00bb image__hover_enabled=\u00bbon|hover\u00bb image__hover=\u00bbhttps:\/\/360immigrationlaw.com\/es\/wp-content\/uploads\/2024\/12\/Eduardo-img-1.png\u00bb]<\/p>\n<p>Analista de Admisi\u00f3n Legal<\/p>\n<p>[\/et_pb_blurb][\/et_pb_column][et_pb_column type=\u00bb1_3&#8243; _builder_version=\u00bb4.27.6&#8243; _module_preset=\u00bbdefault\u00bb global_colors_info=\u00bb{}\u00bb][et_pb_blurb title=\u00bbGiselma Martins\u00bb image=\u00bbhttps:\/\/360immigrationlaw.com\/es\/wp-content\/uploads\/2026\/04\/Giselma_Martins_-_Paralegal__1__371_circle.png\u00bb alt=\u00bbJaci Simonet\u00bb image_icon_width=\u00bb70%\u00bb module_class=\u00bbteam-bios\u00bb _builder_version=\u00bb4.27.6&#8243; _module_preset=\u00bbdefault\u00bb header_font=\u00bb|600|||||||\u00bb header_text_align=\u00bbcenter\u00bb header_text_color=\u00bb#FFFFFF\u00bb header_font_size=\u00bb24px\u00bb body_text_align=\u00bbcenter\u00bb body_font_size=\u00bb20px\u00bb background_layout=\u00bbdark\u00bb custom_css_free_form=\u00bb.team-bios .et_pb_blurb_container {||    padding: 20px;||    margin-top: -20px;||    background: #7a121f;||}\u00bb custom_css_blurb_image=\u00bbmargin-bottom: 0;\u00bb custom_css_blurb_title=\u00bbz-index: 2;\u00bb custom_css_blurb_content=\u00bbz-index: 2;\u00bb dsm_modules_popup=\u00bbon\u00bb dsm_modules_popup_library=\u00bb83955&#8243; locked=\u00bboff\u00bb global_colors_info=\u00bb{}\u00bb image__hover_enabled=\u00bbon|hover\u00bb image__hover=\u00bbhttps:\/\/360immigrationlaw.com\/es\/wp-content\/uploads\/2026\/04\/Giselma_Martins_-_Paralegal__1__371_circle.png\u00bb]<\/p>\n<p><span style=\"color: #ffffff; font-family: 'HelveticaNeue normal', Helvetica, Arial, Lucida, sans-serif; font-size: 22px; font-style: normal; font-variant-ligatures: normal; font-variant-caps: normal; font-weight: 500; letter-spacing: normal; orphans: 2; text-align: left; text-indent: 0px; text-transform: none; widows: 2; word-spacing: 0px; -webkit-text-stroke-width: 0px; white-space: normal; background-color: #7a121f; text-decoration-thickness: initial; text-decoration-style: initial; text-decoration-color: initial; display: inline !important; float: none;\">Paralegal<\/span><\/p>\n<p>[\/et_pb_blurb][\/et_pb_column][\/et_pb_row][et_pb_row column_structure=\u00bb1_3,1_3,1_3&#8243; _builder_version=\u00bb4.27.4&#8243; _module_preset=\u00bbdefault\u00bb locked=\u00bboff\u00bb global_colors_info=\u00bb{}\u00bb][et_pb_column type=\u00bb1_3&#8243; admin_label=\u00bbjaci \u00bb _builder_version=\u00bb4.22.1&#8243; _module_preset=\u00bbdefault\u00bb custom_padding=\u00bb|2px||2px|false|true\u00bb custom_padding_tablet=\u00bb50px||50px||true|true\u00bb custom_padding_phone=\u00bb50px|2px|50px|2px|true|true\u00bb custom_padding_last_edited=\u00bbon|phone\u00bb global_colors_info=\u00bb{}\u00bb custom_css_main_element_last_edited=\u00bbon|phone\u00bb][et_pb_blurb title=\u00bbEmily Oliveira\u00bb image=\u00bbhttps:\/\/360immigrationlaw.com\/es\/wp-content\/uploads\/2023\/06\/OUR_TEAM_Emily_default_image-1.png\u00bb alt=\u00bbOUR_TEAM_Emily_default_image\u00bb image_icon_width=\u00bb70%\u00bb module_class=\u00bbteam-bios\u00bb _builder_version=\u00bb4.27.6&#8243; _module_preset=\u00bbdefault\u00bb header_font=\u00bb|600|||||||\u00bb header_text_align=\u00bbcenter\u00bb header_text_color=\u00bb#FFFFFF\u00bb header_font_size=\u00bb24px\u00bb body_text_align=\u00bbcenter\u00bb body_font_size=\u00bb20px\u00bb background_layout=\u00bbdark\u00bb custom_css_free_form=\u00bb.team-bios .et_pb_blurb_container {||    padding: 20px;||    margin-top: -20px;||    background: #7a121f;||}\u00bb custom_css_blurb_image=\u00bbmargin-bottom: 0;\u00bb custom_css_blurb_title=\u00bbz-index: 2;\u00bb custom_css_blurb_content=\u00bbz-index: 2;\u00bb dsm_modules_popup=\u00bbon\u00bb dsm_modules_popup_library=\u00bb83962&#8243; locked=\u00bboff\u00bb global_colors_info=\u00bb{}\u00bb image__hover_enabled=\u00bbon|hover\u00bb image__hover=\u00bbhttps:\/\/360immigrationlaw.com\/es\/wp-content\/uploads\/2023\/06\/OUR_TEAM_Emily_default_image-1.png\u00bb]<\/p>\n<p>Asistente Legal Senior<\/p>\n<p>[\/et_pb_blurb][\/et_pb_column][et_pb_column type=\u00bb1_3&#8243; admin_label=\u00bbgielma\u00bb _builder_version=\u00bb4.27.4&#8243; _module_preset=\u00bbdefault\u00bb custom_padding=\u00bb|2px||2px|false|true\u00bb custom_padding_tablet=\u00bb0px||50px||false|true\u00bb custom_padding_phone=\u00bb0px|2px|50px|2px|false|true\u00bb custom_padding_last_edited=\u00bbon|phone\u00bb global_colors_info=\u00bb{}\u00bb custom_css_main_element_last_edited=\u00bbon|phone\u00bb][et_pb_blurb title=\u00bbGabriela Cardoso\u00bb image=\u00bbhttps:\/\/360immigrationlaw.com\/es\/wp-content\/uploads\/2026\/04\/Gabriela_Cardoso_-_Legal_Assistant__1__371_circle-1.png\u00bb alt=\u00bbOUR_TEAM_Samantha_Hover_image\u00bb image_icon_width=\u00bb70%\u00bb module_class=\u00bbteam-bios\u00bb _builder_version=\u00bb4.27.6&#8243; _module_preset=\u00bbdefault\u00bb header_font=\u00bb|600|||||||\u00bb header_text_align=\u00bbcenter\u00bb header_text_color=\u00bb#FFFFFF\u00bb header_font_size=\u00bb24px\u00bb body_text_align=\u00bbcenter\u00bb body_font_size=\u00bb20px\u00bb background_layout=\u00bbdark\u00bb custom_css_free_form=\u00bb.team-bios .et_pb_blurb_container {||    padding: 20px;||    margin-top: -20px;||    background: #7a121f;||}\u00bb custom_css_blurb_image=\u00bbmargin-bottom: 0;\u00bb custom_css_blurb_title=\u00bbz-index: 2;\u00bb custom_css_blurb_content=\u00bbz-index: 2;\u00bb dsm_modules_popup=\u00bbon\u00bb dsm_modules_popup_library=\u00bb83967&#8243; locked=\u00bboff\u00bb global_colors_info=\u00bb{}\u00bb image__hover_enabled=\u00bbon|hover\u00bb image__hover=\u00bbhttps:\/\/360immigrationlaw.com\/es\/wp-content\/uploads\/2026\/04\/Gabriela_Cardoso_-_Legal_Assistant__1__371_circle-1.png\u00bb]<\/p>\n<p>Asistente Legal<\/p>\n<p>[\/et_pb_blurb][\/et_pb_column][et_pb_column type=\u00bb1_3&#8243; admin_label=\u00bbemily\u00bb _builder_version=\u00bb4.22.1&#8243; _module_preset=\u00bbdefault\u00bb custom_padding=\u00bb|2px||2px|false|true\u00bb global_colors_info=\u00bb{}\u00bb][et_pb_blurb title=\u00bbEstefanny Ferreira\u00bb image=\u00bbhttps:\/\/360immigrationlaw.com\/es\/wp-content\/uploads\/2026\/04\/Estefanny_Ferreira_-_Legal_Assistant__1__371_circle-1.png\u00bb alt=\u00bbOUR_TEAM_Emily_Hover_image\u00bb image_icon_width=\u00bb70%\u00bb module_class=\u00bbteam-bios\u00bb _builder_version=\u00bb4.27.6&#8243; _module_preset=\u00bbdefault\u00bb header_font=\u00bb|600|||||||\u00bb header_text_align=\u00bbcenter\u00bb header_text_color=\u00bb#FFFFFF\u00bb header_font_size=\u00bb24px\u00bb body_text_align=\u00bbcenter\u00bb body_font_size=\u00bb20px\u00bb background_layout=\u00bbdark\u00bb custom_css_blurb_image=\u00bbmargin-bottom: 0;\u00bb custom_css_blurb_title=\u00bbz-index: 2;\u00bb custom_css_blurb_content=\u00bbz-index: 2;\u00bb dsm_modules_popup=\u00bbon\u00bb dsm_modules_popup_library=\u00bb83974&#8243; locked=\u00bboff\u00bb global_colors_info=\u00bb{}\u00bb image__hover_enabled=\u00bbon|hover\u00bb image__hover=\u00bbhttps:\/\/360immigrationlaw.com\/es\/wp-content\/uploads\/2026\/04\/Estefanny_Ferreira_-_Legal_Assistant__1__371_circle-1.png\u00bb]<\/p>\n<p>Asistente Legal<\/p>\n<p>[\/et_pb_blurb][\/et_pb_column][\/et_pb_row][et_pb_row column_structure=\u00bb1_4,1_4,1_4,1_4&#8243; use_custom_gutter=\u00bbon\u00bb gutter_width=\u00bb1&#8243; _builder_version=\u00bb4.27.4&#8243; _module_preset=\u00bbdefault\u00bb locked=\u00bboff\u00bb global_colors_info=\u00bb{}\u00bb][et_pb_column type=\u00bb1_4&#8243; _builder_version=\u00bb4.27.4&#8243; _module_preset=\u00bbdefault\u00bb custom_padding=\u00bb|2px||2px|false|true\u00bb custom_padding_tablet=\u00bb0px||0px||true|true\u00bb custom_padding_phone=\u00bb|2px||2px|true|true\u00bb custom_padding_last_edited=\u00bbon|phone\u00bb global_colors_info=\u00bb{}\u00bb][et_pb_blurb title=\u00bbLais Rodrigues \u00bb image=\u00bbhttps:\/\/360immigrationlaw.com\/wp-content\/uploads\/2026\/04\/Lais_Rodrigues_-_Legal_Assistant__1__371_circle-1.png\u00bb alt=\u00bbEllipse 4-img\u00bb image_icon_width=\u00bb259px\u00bb module_class=\u00bbteam-bios\u00bb _builder_version=\u00bb4.27.6&#8243; _module_preset=\u00bbdefault\u00bb header_font=\u00bb|600|||||||\u00bb header_text_align=\u00bbcenter\u00bb header_text_color=\u00bb#FFFFFF\u00bb header_font_size=\u00bb24px\u00bb body_text_align=\u00bbcenter\u00bb body_font_size=\u00bb20px\u00bb background_layout=\u00bbdark\u00bb custom_css_blurb_image=\u00bbmargin-bottom: 0;\u00bb custom_css_blurb_title=\u00bbz-index: 2;\u00bb custom_css_blurb_content=\u00bbz-index: 2;\u00bb dsm_modules_popup=\u00bbon\u00bb dsm_modules_popup_library=\u00bb83979&#8243; border_radii_image=\u00bbon|50%|50%|50%|50%\u00bb global_colors_info=\u00bb{}\u00bb image__hover_enabled=\u00bbon|hover\u00bb image__hover=\u00bbhttps:\/\/360immigrationlaw.com\/wp-content\/uploads\/2026\/04\/Lais_Rodrigues_-_Legal_Assistant__1__371_circle-1.png\u00bb]<\/p>\n<p>Asistente Legal<\/p>\n<p>[\/et_pb_blurb][\/et_pb_column][et_pb_column type=\u00bb1_4&#8243; _builder_version=\u00bb4.22.1&#8243; _module_preset=\u00bbdefault\u00bb custom_padding=\u00bb|2px||2px|false|true\u00bb custom_padding_tablet=\u00bb50px||50px||true|true\u00bb custom_padding_phone=\u00bb50px|2px|50px|2px|true|true\u00bb custom_padding_last_edited=\u00bbon|phone\u00bb global_colors_info=\u00bb{}\u00bb][et_pb_blurb title=\u00bbAndressa Meerbott\u00bb image=\u00bbhttps:\/\/360immigrationlaw.com\/wp-content\/uploads\/2023\/06\/Ellipse-4.png\u00bb alt=\u00bbAndressa Meerbott Legal Assistant at 360 Immigration Law Firm\u00bb image_icon_width=\u00bb259px\u00bb module_class=\u00bbteam-bios\u00bb _builder_version=\u00bb4.27.6&#8243; _module_preset=\u00bbdefault\u00bb header_font=\u00bb|600|||||||\u00bb header_text_align=\u00bbcenter\u00bb header_text_color=\u00bb#FFFFFF\u00bb header_font_size=\u00bb24px\u00bb body_text_align=\u00bbcenter\u00bb body_font_size=\u00bb20px\u00bb background_layout=\u00bbdark\u00bb custom_css_blurb_image=\u00bbmargin-bottom: 0;\u00bb custom_css_blurb_title=\u00bbz-index: 2;\u00bb custom_css_blurb_content=\u00bbz-index: 2;\u00bb dsm_modules_popup=\u00bbon\u00bb dsm_modules_popup_library=\u00bb83984&#8243; border_radii_image=\u00bbon|50%|50%|50%|50%\u00bb global_colors_info=\u00bb{}\u00bb image__hover_enabled=\u00bbon|hover\u00bb image__hover=\u00bbhttps:\/\/360immigrationlaw.com\/wp-content\/uploads\/2023\/06\/Ellipse-4.png\u00bb]<\/p>\n<p>Coordinadora de Marketing<\/p>\n<p>[\/et_pb_blurb][\/et_pb_column][et_pb_column type=\u00bb1_4&#8243; _builder_version=\u00bb4.22.1&#8243; _module_preset=\u00bbdefault\u00bb custom_padding=\u00bb|2px||2px|false|true\u00bb global_colors_info=\u00bb{}\u00bb][et_pb_blurb title=\u00bbAna Quinonez \u00bb image=\u00bbhttps:\/\/360immigrationlaw.com\/wp-content\/uploads\/2026\/04\/Ana_Quinonez_-_Marketing_Assistant_371_circle-1.png\u00bb alt=\u00bbEllipse 4-img\u00bb image_icon_width=\u00bb259px\u00bb module_class=\u00bbteam-bios\u00bb _builder_version=\u00bb4.27.6&#8243; _module_preset=\u00bbdefault\u00bb header_font=\u00bb|600|||||||\u00bb header_text_align=\u00bbcenter\u00bb header_text_color=\u00bb#FFFFFF\u00bb header_font_size=\u00bb24px\u00bb body_text_align=\u00bbcenter\u00bb body_font_size=\u00bb20px\u00bb background_layout=\u00bbdark\u00bb hover_enabled=\u00bb0&#8243; custom_css_blurb_image=\u00bbmargin-bottom: 0;\u00bb custom_css_blurb_title=\u00bbz-index: 2;\u00bb custom_css_blurb_content=\u00bbz-index: 2;\u00bb border_radii_image=\u00bbon|50%|50%|50%|50%\u00bb global_colors_info=\u00bb{}\u00bb image__hover_enabled=\u00bbon|hover\u00bb image__hover=\u00bbhttps:\/\/360immigrationlaw.com\/wp-content\/uploads\/2026\/04\/Ana_Quinonez_-_Marketing_Assistant_371_circle-1.png\u00bb dsm_modules_popup=\u00bbon\u00bb dsm_modules_popup_library=\u00bb83991&#8243; sticky_enabled=\u00bb0&#8243;]<\/p>\n<p>Asistente de Marketing<\/p>\n<p>[\/et_pb_blurb][\/et_pb_column][et_pb_column type=\u00bb1_4&#8243; _builder_version=\u00bb4.22.1&#8243; _module_preset=\u00bbdefault\u00bb custom_padding=\u00bb|2px||2px|false|true\u00bb global_colors_info=\u00bb{}\u00bb][et_pb_blurb title=\u00bbFabricio Furlani Bodanese \u00bb image=\u00bbhttps:\/\/360immigrationlaw.com\/wp-content\/uploads\/2024\/12\/Fabricio-Headshot-img-1.png\u00bb alt=\u00bbEllipse 4-img\u00bb image_icon_width=\u00bb259px\u00bb module_class=\u00bbteam-bios\u00bb _builder_version=\u00bb4.27.6&#8243; _module_preset=\u00bbdefault\u00bb header_font=\u00bb|600|||||||\u00bb header_text_align=\u00bbcenter\u00bb header_text_color=\u00bb#FFFFFF\u00bb header_font_size=\u00bb24px\u00bb body_text_align=\u00bbcenter\u00bb body_font_size=\u00bb20px\u00bb background_layout=\u00bbdark\u00bb hover_enabled=\u00bb0&#8243; custom_css_blurb_image=\u00bbmargin-bottom: 0;\u00bb custom_css_blurb_title=\u00bbz-index: 2;\u00bb custom_css_blurb_content=\u00bbz-index: 2;\u00bb border_radii_image=\u00bbon|50%|50%|50%|50%\u00bb global_colors_info=\u00bb{}\u00bb image__hover_enabled=\u00bbon|hover\u00bb image__hover=\u00bbhttps:\/\/360immigrationlaw.com\/wp-content\/uploads\/2024\/12\/Fabricio-Headshot-img-1.png\u00bb dsm_modules_popup=\u00bbon\u00bb dsm_modules_popup_library=\u00bb83046&#8243; sticky_enabled=\u00bb0&#8243;]<\/p>\n<p>Asistente Legal<\/p>\n<p>[\/et_pb_blurb][\/et_pb_column][\/et_pb_row][\/et_pb_section][et_pb_section fb_built=\u00bb1&#8243; _builder_version=\u00bb4.21.0&#8243; _module_preset=\u00bbdefault\u00bb background_color=\u00bb#f2e9dc\u00bb border_width_top=\u00bb23px\u00bb border_color_top=\u00bbgcid-30b07574-da3b-4944-bfd9-3b5cde1edd29&#8243; global_colors_info=\u00bb{%22gcid-30b07574-da3b-4944-bfd9-3b5cde1edd29%22:%91%22border_color_top%22%93}\u00bb][et_pb_row _builder_version=\u00bb4.20.2&#8243; _module_preset=\u00bbdefault\u00bb global_colors_info=\u00bb{}\u00bb][et_pb_column type=\u00bb4_4&#8243; _builder_version=\u00bb4.20.2&#8243; _module_preset=\u00bbdefault\u00bb global_colors_info=\u00bb{}\u00bb][et_pb_video src=\u00bbhttps:\/\/www.youtube.com\/watch?v=FR8w24IkkNc\u00bb _builder_version=\u00bb4.21.0&#8243; _module_preset=\u00bbdefault\u00bb custom_margin=\u00bb||||false|false\u00bb custom_padding=\u00bb||||false|false\u00bb global_colors_info=\u00bb{}\u00bb][\/et_pb_video][\/et_pb_column][\/et_pb_row][\/et_pb_section]<\/p>\n","protected":false},"excerpt":{"rendered":"<p>NUESTRO EQUIPONUESTRA ABOGADA Jamile Moraes Pellicer, ESQ. Abogada TitularSoy una abogada que practica leyes de inmigraci\u00f3n en el sur de Florida. Mi pr\u00e1ctica aboga por los derechos de aquellos que de otro modo no tendr\u00edan acceso a la informaci\u00f3n necesaria para representarse a s\u00ed mismos con \u00e9xito. Ofrezco representaci\u00f3n legal, asesor\u00eda legal y estrategia legal para quienes necesitan diversos servicios migratorios. En asuntos familiares me ocupo de divorcios. Nac\u00ed en Vit\u00f3ria, Esp\u00edrito Santo, Brasil, donde me cri\u00e9 y pas\u00e9 mi infancia. Llegu\u00e9 a los Estados Unidos con mis padres y mi hermana menor, cuando era adolescente, y desde entonces he estado inmersa en la rica y diversa cultura latina que adorna el sur de Florida. Mi experiencia de vida como inmigrante en Estados Unidos me brinda una comprensi\u00f3n profunda y \u00fanica de los problemas legales y los desaf\u00edos que enfrentan las comunidades hispanas y latinas en el sur de Florida, por lo que he dedicado mi carrera para ayudar a personas indocumentadas y tratarlos como familia. Personalmente creo que cualquier inmigrante se merece un abogado que realmente comprenda su cultura y tambi\u00e9n hable su idioma. Despu\u00e9s de recibir una Licenciatura en Administraci\u00f3n de Empresas y una Especializacion en Marketing en [&hellip;]<\/p>\n","protected":false},"author":3,"featured_media":0,"parent":250,"menu_order":0,"comment_status":"closed","ping_status":"closed","template":"","meta":{"_et_pb_use_builder":"on","_et_pb_old_content":"","_et_gb_content_width":"","_lmt_disableupdate":"","_lmt_disable":"","footnotes":""},"class_list":["post-280","page","type-page","status-publish","hentry"],"yoast_head":"<!-- This site is optimized with the Yoast SEO plugin v27.3 - https:\/\/yoast.com\/product\/yoast-seo-wordpress\/ -->\n<title>Conozca a Nuestro Equipo de Abogados de Inmigraci\u00f3n | 360<\/title>\n<meta name=\"description\" content=\"Descubra m\u00e1s sobre nuestro equipo de abogados y vea por qu\u00e9 somos su mejor opci\u00f3n. En 360 Immigration Law Group, apoyamos a nuestros clientes en cada paso.\" \/>\n<meta name=\"robots\" content=\"index, follow, max-snippet:-1, max-image-preview:large, max-video-preview:-1\" \/>\n<link rel=\"canonical\" href=\"https:\/\/360immigrationlaw.com\/es\/sobre-nosotros\/nuestro-equipo\/\" \/>\n<meta property=\"og:locale\" content=\"es_ES\" \/>\n<meta property=\"og:type\" content=\"article\" \/>\n<meta property=\"og:title\" content=\"Conozca a Nuestro Equipo de Abogados de Inmigraci\u00f3n | 360\" \/>\n<meta property=\"og:description\" content=\"Descubra m\u00e1s sobre nuestro equipo de abogados y vea por qu\u00e9 somos su mejor opci\u00f3n. En 360 Immigration Law Group, apoyamos a nuestros clientes en cada paso.\" \/>\n<meta property=\"og:url\" content=\"https:\/\/360immigrationlaw.com\/es\/sobre-nosotros\/nuestro-equipo\/\" \/>\n<meta property=\"og:site_name\" content=\"360 Immigration Law\" \/>\n<meta property=\"article:publisher\" content=\"https:\/\/www.facebook.com\/360Immigration\/\" \/>\n<meta property=\"article:modified_time\" content=\"2026-04-28T17:04:09+00:00\" \/>\n<meta name=\"twitter:card\" content=\"summary_large_image\" \/>\n<meta name=\"twitter:site\" content=\"@360immigration\" \/>\n<meta name=\"twitter:label1\" content=\"Tiempo de lectura\" \/>\n\t<meta name=\"twitter:data1\" content=\"34 minutos\" \/>\n<script type=\"application\/ld+json\" class=\"yoast-schema-graph\">{\"@context\":\"https:\\\/\\\/schema.org\",\"@graph\":[{\"@type\":\"WebPage\",\"@id\":\"https:\\\/\\\/360immigrationlaw.com\\\/es\\\/sobre-nosotros\\\/nuestro-equipo\\\/\",\"url\":\"https:\\\/\\\/360immigrationlaw.com\\\/es\\\/sobre-nosotros\\\/nuestro-equipo\\\/\",\"name\":\"Conozca a Nuestro Equipo de Abogados de Inmigraci\u00f3n | 360\",\"isPartOf\":{\"@id\":\"https:\\\/\\\/es.360immigrationlaw.com\\\/#website\"},\"datePublished\":\"2023-03-21T07:22:42+00:00\",\"dateModified\":\"2026-04-28T17:04:09+00:00\",\"description\":\"Descubra m\u00e1s sobre nuestro equipo de abogados y vea por qu\u00e9 somos su mejor opci\u00f3n. En 360 Immigration Law Group, apoyamos a nuestros clientes en cada paso.\",\"breadcrumb\":{\"@id\":\"https:\\\/\\\/360immigrationlaw.com\\\/es\\\/sobre-nosotros\\\/nuestro-equipo\\\/#breadcrumb\"},\"inLanguage\":\"es\",\"potentialAction\":[{\"@type\":\"ReadAction\",\"target\":[\"https:\\\/\\\/360immigrationlaw.com\\\/es\\\/sobre-nosotros\\\/nuestro-equipo\\\/\"]}]},{\"@type\":\"BreadcrumbList\",\"@id\":\"https:\\\/\\\/360immigrationlaw.com\\\/es\\\/sobre-nosotros\\\/nuestro-equipo\\\/#breadcrumb\",\"itemListElement\":[{\"@type\":\"ListItem\",\"position\":1,\"name\":\"Home\",\"item\":\"https:\\\/\\\/360immigrationlaw.com\\\/es\\\/\"},{\"@type\":\"ListItem\",\"position\":2,\"name\":\"SOBRE NOSOTROS\",\"item\":\"https:\\\/\\\/v7k.09d.myftpupload.com\\\/sobre-nosotros\\\/\"},{\"@type\":\"ListItem\",\"position\":3,\"name\":\"NUESTRO EQUIPO\"}]},{\"@type\":\"WebSite\",\"@id\":\"https:\\\/\\\/es.360immigrationlaw.com\\\/#website\",\"url\":\"https:\\\/\\\/es.360immigrationlaw.com\\\/\",\"name\":\"360 Immigration Law\",\"description\":\"Abogado de inmigraci\u00f3n en Florida\",\"publisher\":{\"@id\":\"https:\\\/\\\/es.360immigrationlaw.com\\\/#organization\"},\"potentialAction\":[{\"@type\":\"SearchAction\",\"target\":{\"@type\":\"EntryPoint\",\"urlTemplate\":\"https:\\\/\\\/es.360immigrationlaw.com\\\/?s={search_term_string}\"},\"query-input\":{\"@type\":\"PropertyValueSpecification\",\"valueRequired\":true,\"valueName\":\"search_term_string\"}}],\"inLanguage\":\"es\"},{\"@type\":\"Organization\",\"@id\":\"https:\\\/\\\/es.360immigrationlaw.com\\\/#organization\",\"name\":\"360 Immigration Law\",\"url\":\"https:\\\/\\\/es.360immigrationlaw.com\\\/\",\"logo\":{\"@type\":\"ImageObject\",\"inLanguage\":\"es\",\"@id\":\"https:\\\/\\\/es.360immigrationlaw.com\\\/#\\\/schema\\\/logo\\\/image\\\/\",\"url\":\"https:\\\/\\\/360immigrationlaw.com\\\/es\\\/wp-content\\\/uploads\\\/2023\\\/06\\\/360_Immigration_Law_Group.jpg\",\"contentUrl\":\"https:\\\/\\\/360immigrationlaw.com\\\/es\\\/wp-content\\\/uploads\\\/2023\\\/06\\\/360_Immigration_Law_Group.jpg\",\"width\":1264,\"height\":932,\"caption\":\"360 Immigration Law\"},\"image\":{\"@id\":\"https:\\\/\\\/es.360immigrationlaw.com\\\/#\\\/schema\\\/logo\\\/image\\\/\"},\"sameAs\":[\"https:\\\/\\\/www.facebook.com\\\/360Immigration\\\/\",\"https:\\\/\\\/x.com\\\/360immigration\"]}]}<\/script>\n<!-- \/ Yoast SEO plugin. -->","yoast_head_json":{"title":"Conozca a Nuestro Equipo de Abogados de Inmigraci\u00f3n | 360","description":"Descubra m\u00e1s sobre nuestro equipo de abogados y vea por qu\u00e9 somos su mejor opci\u00f3n. En 360 Immigration Law Group, apoyamos a nuestros clientes en cada paso.","robots":{"index":"index","follow":"follow","max-snippet":"max-snippet:-1","max-image-preview":"max-image-preview:large","max-video-preview":"max-video-preview:-1"},"canonical":"https:\/\/360immigrationlaw.com\/es\/sobre-nosotros\/nuestro-equipo\/","og_locale":"es_ES","og_type":"article","og_title":"Conozca a Nuestro Equipo de Abogados de Inmigraci\u00f3n | 360","og_description":"Descubra m\u00e1s sobre nuestro equipo de abogados y vea por qu\u00e9 somos su mejor opci\u00f3n. En 360 Immigration Law Group, apoyamos a nuestros clientes en cada paso.","og_url":"https:\/\/360immigrationlaw.com\/es\/sobre-nosotros\/nuestro-equipo\/","og_site_name":"360 Immigration Law","article_publisher":"https:\/\/www.facebook.com\/360Immigration\/","article_modified_time":"2026-04-28T17:04:09+00:00","twitter_card":"summary_large_image","twitter_site":"@360immigration","twitter_misc":{"Tiempo de lectura":"34 minutos"},"schema":{"@context":"https:\/\/schema.org","@graph":[{"@type":"WebPage","@id":"https:\/\/360immigrationlaw.com\/es\/sobre-nosotros\/nuestro-equipo\/","url":"https:\/\/360immigrationlaw.com\/es\/sobre-nosotros\/nuestro-equipo\/","name":"Conozca a Nuestro Equipo de Abogados de Inmigraci\u00f3n | 360","isPartOf":{"@id":"https:\/\/es.360immigrationlaw.com\/#website"},"datePublished":"2023-03-21T07:22:42+00:00","dateModified":"2026-04-28T17:04:09+00:00","description":"Descubra m\u00e1s sobre nuestro equipo de abogados y vea por qu\u00e9 somos su mejor opci\u00f3n. En 360 Immigration Law Group, apoyamos a nuestros clientes en cada paso.","breadcrumb":{"@id":"https:\/\/360immigrationlaw.com\/es\/sobre-nosotros\/nuestro-equipo\/#breadcrumb"},"inLanguage":"es","potentialAction":[{"@type":"ReadAction","target":["https:\/\/360immigrationlaw.com\/es\/sobre-nosotros\/nuestro-equipo\/"]}]},{"@type":"BreadcrumbList","@id":"https:\/\/360immigrationlaw.com\/es\/sobre-nosotros\/nuestro-equipo\/#breadcrumb","itemListElement":[{"@type":"ListItem","position":1,"name":"Home","item":"https:\/\/360immigrationlaw.com\/es\/"},{"@type":"ListItem","position":2,"name":"SOBRE NOSOTROS","item":"https:\/\/v7k.09d.myftpupload.com\/sobre-nosotros\/"},{"@type":"ListItem","position":3,"name":"NUESTRO EQUIPO"}]},{"@type":"WebSite","@id":"https:\/\/es.360immigrationlaw.com\/#website","url":"https:\/\/es.360immigrationlaw.com\/","name":"360 Immigration Law","description":"Abogado de inmigraci\u00f3n en Florida","publisher":{"@id":"https:\/\/es.360immigrationlaw.com\/#organization"},"potentialAction":[{"@type":"SearchAction","target":{"@type":"EntryPoint","urlTemplate":"https:\/\/es.360immigrationlaw.com\/?s={search_term_string}"},"query-input":{"@type":"PropertyValueSpecification","valueRequired":true,"valueName":"search_term_string"}}],"inLanguage":"es"},{"@type":"Organization","@id":"https:\/\/es.360immigrationlaw.com\/#organization","name":"360 Immigration Law","url":"https:\/\/es.360immigrationlaw.com\/","logo":{"@type":"ImageObject","inLanguage":"es","@id":"https:\/\/es.360immigrationlaw.com\/#\/schema\/logo\/image\/","url":"https:\/\/360immigrationlaw.com\/es\/wp-content\/uploads\/2023\/06\/360_Immigration_Law_Group.jpg","contentUrl":"https:\/\/360immigrationlaw.com\/es\/wp-content\/uploads\/2023\/06\/360_Immigration_Law_Group.jpg","width":1264,"height":932,"caption":"360 Immigration Law"},"image":{"@id":"https:\/\/es.360immigrationlaw.com\/#\/schema\/logo\/image\/"},"sameAs":["https:\/\/www.facebook.com\/360Immigration\/","https:\/\/x.com\/360immigration"]}]}},"_links":{"self":[{"href":"https:\/\/360immigrationlaw.com\/es\/wp-json\/wp\/v2\/pages\/280","targetHints":{"allow":["GET"]}}],"collection":[{"href":"https:\/\/360immigrationlaw.com\/es\/wp-json\/wp\/v2\/pages"}],"about":[{"href":"https:\/\/360immigrationlaw.com\/es\/wp-json\/wp\/v2\/types\/page"}],"author":[{"embeddable":true,"href":"https:\/\/360immigrationlaw.com\/es\/wp-json\/wp\/v2\/users\/3"}],"replies":[{"embeddable":true,"href":"https:\/\/360immigrationlaw.com\/es\/wp-json\/wp\/v2\/comments?post=280"}],"version-history":[{"count":180,"href":"https:\/\/360immigrationlaw.com\/es\/wp-json\/wp\/v2\/pages\/280\/revisions"}],"predecessor-version":[{"id":83995,"href":"https:\/\/360immigrationlaw.com\/es\/wp-json\/wp\/v2\/pages\/280\/revisions\/83995"}],"up":[{"embeddable":true,"href":"https:\/\/360immigrationlaw.com\/es\/wp-json\/wp\/v2\/pages\/250"}],"wp:attachment":[{"href":"https:\/\/360immigrationlaw.com\/es\/wp-json\/wp\/v2\/media?parent=280"}],"curies":[{"name":"wp","href":"https:\/\/api.w.org\/{rel}","templated":true}]}}