{"id":325,"date":"2023-03-21T09:22:55","date_gmt":"2023-03-21T09:22:55","guid":{"rendered":"https:\/\/pt.360immigrationlaw.com\/?page_id=325"},"modified":"2025-01-11T10:02:08","modified_gmt":"2025-01-11T10:02:08","slug":"renovacoes-de-daca","status":"publish","type":"page","link":"https:\/\/360immigrationlaw.com\/pt\/renovacoes-de-daca\/","title":{"rendered":"RENOVA\u00c7\u00d5ES DE DACA"},"content":{"rendered":"<p>[et_pb_section fb_built=&#8221;1&#8243; custom_padding_last_edited=&#8221;on|phone&#8221; module_id=&#8221;head-sec&#8221; _builder_version=&#8221;4.21.0&#8243; _module_preset=&#8221;default&#8221; use_background_color_gradient=&#8221;on&#8221; background_color_gradient_direction=&#8221;91deg&#8221; background_color_gradient_stops=&#8221;rgba(0,0,0,0.87) 0%|rgba(0,0,0,0.33) 99%&#8221; background_image=&#8221;https:\/\/360immigrationlaw.com\/pt\/wp-content\/uploads\/2023\/05\/DACA_header_image.jpg&#8221; custom_padding=&#8221;400px||80px||false|false&#8221; custom_padding_tablet=&#8221;200px||200px||false|false&#8221; custom_padding_phone=&#8221;30px||30px||true|false&#8221; global_colors_info=&#8221;{}&#8221;][et_pb_row custom_padding_last_edited=&#8221;on|desktop&#8221; _builder_version=&#8221;4.21.0&#8243; _module_preset=&#8221;default&#8221; custom_margin=&#8221;||||true|false&#8221; custom_padding=&#8221;80px||80px||true|false&#8221; custom_padding_tablet=&#8221;50px||50px||true|false&#8221; custom_padding_phone=&#8221;150px||0px||false|false&#8221; global_colors_info=&#8221;{}&#8221;][et_pb_column type=&#8221;4_4&#8243; _builder_version=&#8221;4.20.2&#8243; _module_preset=&#8221;default&#8221; global_colors_info=&#8221;{}&#8221;][et_pb_text _builder_version=&#8221;4.21.0&#8243; _module_preset=&#8221;default&#8221; header_font=&#8221;Adobe Garamond Pro Semibold|600|||||||&#8221; background_layout=&#8221;dark&#8221; custom_margin=&#8221;||||false|false&#8221; custom_padding=&#8221;||||false|false&#8221; header_font_size_tablet=&#8221;&#8221; header_font_size_phone=&#8221;30px&#8221; header_font_size_last_edited=&#8221;on|phone&#8221; global_colors_info=&#8221;{}&#8221;]<\/p>\n<h1>RENOVA\u00c7\u00d5ES DE DACA<\/h1>\n<p>[\/et_pb_text][\/et_pb_column][\/et_pb_row][\/et_pb_section][et_pb_section fb_built=&#8221;1&#8243; custom_padding_last_edited=&#8221;on|phone&#8221; _builder_version=&#8221;4.21.0&#8243; _module_preset=&#8221;default&#8221; custom_padding_tablet=&#8221;&#8221; custom_padding_phone=&#8221;||||false|false&#8221; global_colors_info=&#8221;{}&#8221;][et_pb_row _builder_version=&#8221;4.21.0&#8243; _module_preset=&#8221;default&#8221; custom_padding=&#8221;0px||||false|false&#8221; global_colors_info=&#8221;{}&#8221;][et_pb_column type=&#8221;4_4&#8243; _builder_version=&#8221;4.20.2&#8243; _module_preset=&#8221;default&#8221; global_colors_info=&#8221;{}&#8221;][et_pb_text _builder_version=&#8221;4.21.0&#8243; _module_preset=&#8221;default&#8221; text_font=&#8221;HelveticaNeue normal||||||||&#8221; header_4_font=&#8221;Helvetica Neu Bold||||||||&#8221; header_4_font_size=&#8221;25px&#8221; header_4_line_height=&#8221;1.4em&#8221; text_font_size_tablet=&#8221;&#8221; text_font_size_phone=&#8221;20px&#8221; text_font_size_last_edited=&#8221;on|phone&#8221; header_4_font_size_tablet=&#8221;25px&#8221; header_4_font_size_phone=&#8221;24px&#8221; header_4_font_size_last_edited=&#8221;on|phone&#8221; header_4_line_height_tablet=&#8221;1.4em&#8221; header_4_line_height_phone=&#8221;1.2em&#8221; header_4_line_height_last_edited=&#8221;on|phone&#8221; global_colors_info=&#8221;{}&#8221;]<\/p>\n<h4>O QUE \u00c9 DACA?<\/h4>\n<p>A A\u00e7\u00e3o Diferida para Chegadas na Inf\u00e2ncia (DACA) \u00e9 um tipo de al\u00edvio da imigra\u00e7\u00e3o sob o qual o presidente Obama disponibilizou para jovens que vieram para os Estados Unidos quando crian\u00e7as e que atendiam a certos requisitos. O USCIS come\u00e7ou a aceitar solicita\u00e7\u00f5es de DACA em 15 de agosto de 2012. O DACA estava dispon\u00edvel para aqueles que est\u00e3o em processo de remo\u00e7\u00e3o ou receberam ordens de deporta\u00e7\u00e3o final, bem como para aqueles que nunca estiveram em processo de remo\u00e7\u00e3o.<\/p>\n<p>Em 20 de janeiro de 2021, o presidente Biden emitiu um memorando instruindo o Secret\u00e1rio de Seguran\u00e7a Interna, em acordo com o Procurador-Geral, a tomar as medidas cab\u00edveis para preservar e fortalecer o DACA, de acordo com a legisla\u00e7\u00e3o aplic\u00e1vel.<\/p>\n<p>Em conformidade com uma ordem de um Tribunal Distrital dos Estados Unidos, e a partir de 7 de dezembro de 2020, os Servi\u00e7os de Cidadania e Imigra\u00e7\u00e3o dos EUA (USCIS) est\u00e3o:<\/p>\n<p>Aceitando pedidos pela primeira vez para Considera\u00e7\u00e3o de A\u00e7\u00e3o Adiada para Chegadas na Inf\u00e2ncia (DACA) com base nos termos da pol\u00edtica DACA em vigor antes de 5 de setembro de 2017, e de acordo com a ordem do Tribunal de 4 de dezembro de 2020;[\/et_pb_text][\/et_pb_column][\/et_pb_row][et_pb_row column_structure=&#8221;1_2,1_2&#8243; make_equal=&#8221;on&#8221; custom_padding_last_edited=&#8221;on|phone&#8221; _builder_version=&#8221;4.21.0&#8243; _module_preset=&#8221;default&#8221; custom_padding_tablet=&#8221;&#8221; custom_padding_phone=&#8221;0px||0px||false|false&#8221; global_colors_info=&#8221;{}&#8221;][et_pb_column type=&#8221;1_2&#8243; _builder_version=&#8221;4.21.0&#8243; _module_preset=&#8221;default&#8221; background_image=&#8221;https:\/\/360immigrationlaw.com\/pt\/wp-content\/uploads\/2023\/06\/DACA_dreamers_image.png&#8221; background_last_edited=&#8221;on|desktop&#8221; background_enable_image_tablet=&#8221;off&#8221; global_colors_info=&#8221;{}&#8221;][et_pb_image src=&#8221;https:\/\/360immigrationlaw.com\/pt\/wp-content\/uploads\/2023\/06\/DACA_dreamers_image.png&#8221; alt=&#8221;daca&#8221; title_text=&#8221;DACA_dreamers_image&#8221; disabled_on=&#8221;off|off|on&#8221; _builder_version=&#8221;4.21.0&#8243; _module_preset=&#8221;default&#8221; sticky_limit_top=&#8221;column&#8221; sticky_limit_bottom=&#8221;column&#8221; global_colors_info=&#8221;{}&#8221;][\/et_pb_image][\/et_pb_column][et_pb_column type=&#8221;1_2&#8243; _builder_version=&#8221;4.20.2&#8243; _module_preset=&#8221;default&#8221; global_colors_info=&#8221;{}&#8221;][et_pb_text _builder_version=&#8221;4.21.0&#8243; _module_preset=&#8221;default&#8221; text_font=&#8221;HelveticaNeue normal||||||||&#8221; header_4_font=&#8221;Helvetica Neu Bold||||||||&#8221; header_4_font_size=&#8221;25px&#8221; header_4_line_height=&#8221;1.4em&#8221; text_font_size_tablet=&#8221;&#8221; text_font_size_phone=&#8221;20px&#8221; text_font_size_last_edited=&#8221;on|phone&#8221; header_4_font_size_tablet=&#8221;25px&#8221; header_4_font_size_phone=&#8221;24px&#8221; header_4_font_size_last_edited=&#8221;on|phone&#8221; header_4_line_height_tablet=&#8221;1.4em&#8221; header_4_line_height_phone=&#8221;1.2em&#8221; header_4_line_height_last_edited=&#8221;on|phone&#8221; global_colors_info=&#8221;{}&#8221;]<\/p>\n<h4>QUEM PODE SE INSCREVER NO DACA?<\/h4>\n<p>Voc\u00ea pode solicitar o DACA se:<\/p>\n<ul>\n<li>Em 15 de junho de 2012 ter tido menos de 31 anos de idade;<\/li>\n<li>Ter chegado aos EUA antes de completar os 16 anos de idade;<\/li>\n<li>Ter residido continuamente nos Estados Unidos desde 15 de junho de 2007 at\u00e9 a presente data;<\/li>\n<li>Esteve fisicamente presente nos EUA em 15 de Junho de 2012, e no momento de fazer sua solicita\u00e7\u00e3o para considera\u00e7\u00e3o de a\u00e7\u00e3o adiada junto ao USCIS;<\/li>\n<li>N\u00e3o ter tido status legal em 15 de junho de 2012, o que significa que:<\/li>\n<li>Voc\u00ea estava em um status de imigra\u00e7\u00e3o ilegal em ou antes de 15 de junho de 2012, ou<\/li>\n<li>Qualquer status de imigra\u00e7\u00e3o legal ou liberdade condicional que voc\u00ea obteve antes de 15 de junho de 2012, e expirou em 15 de junho de 2012, ou ainda vigente;<\/li>\n<li>Esteja atualmente na escola, tenha se formado ou obtido um certificado de conclus\u00e3o do ensino m\u00e9dio, tenha obtido um certificado de desenvolvimento de educa\u00e7\u00e3o geral (GED), ou ser um veterano dispensado com honra da Guarda Costeira ou das For\u00e7as Armadas dos Estados Unidos; e<\/li>\n<li>N\u00e3o ter sido condenado por um crime, contraven\u00e7\u00e3o significativa, ou tr\u00eas ou mais outras contraven\u00e7\u00f5es, e n\u00e3o representar uma amea\u00e7a \u00e0 seguran\u00e7a nacional ou seguran\u00e7a p\u00fablica.<\/li>\n<\/ul>\n<p>[\/et_pb_text][\/et_pb_column][\/et_pb_row][et_pb_row custom_padding_last_edited=&#8221;on|phone&#8221; _builder_version=&#8221;4.21.0&#8243; _module_preset=&#8221;default&#8221; custom_padding_tablet=&#8221;&#8221; custom_padding_phone=&#8221;0px||0px||false|false&#8221; global_colors_info=&#8221;{}&#8221;][et_pb_column type=&#8221;4_4&#8243; _builder_version=&#8221;4.20.2&#8243; _module_preset=&#8221;default&#8221; global_colors_info=&#8221;{}&#8221;][et_pb_text _builder_version=&#8221;4.27.4&#8243; _module_preset=&#8221;default&#8221; text_font=&#8221;HelveticaNeue normal||||||||&#8221; header_4_font=&#8221;Helvetica Neu Bold||||||||&#8221; header_4_font_size=&#8221;25px&#8221; header_4_line_height=&#8221;1.4em&#8221; hover_enabled=&#8221;0&#8243; text_font_size_tablet=&#8221;&#8221; text_font_size_phone=&#8221;20px&#8221; text_font_size_last_edited=&#8221;on|phone&#8221; header_4_font_size_tablet=&#8221;25px&#8221; header_4_font_size_phone=&#8221;24px&#8221; header_4_font_size_last_edited=&#8221;on|phone&#8221; header_4_line_height_tablet=&#8221;1.4em&#8221; header_4_line_height_phone=&#8221;1.2em&#8221; header_4_line_height_last_edited=&#8221;on|phone&#8221; global_colors_info=&#8221;{}&#8221; sticky_enabled=&#8221;0&#8243;]<\/p>\n<h4>RENOVA\u00c7\u00d5ES DE DACA<\/h4>\n<p>Em 28 de junho de 2019, os Servi\u00e7os de Cidadania e Imigra\u00e7\u00e3o dos EUA (USCIS) ainda est\u00e3o aceitando os pedidos de renova\u00e7\u00e3o do DACA de qualquer pessoa que j\u00e1 tenha tido o DACA. O USCIS parou de aceitar inscri\u00e7\u00f5es DACA pela primeira vez (ou seja, inscri\u00e7\u00f5es de pessoas que ainda n\u00e3o tinham o DACA) a partir de 6 de outubro de 2017.<\/p>\n<h4>QUEM PODE RENOVAR DACA?<\/h4>\n<p>Voc\u00ea pode solicitar uma renova\u00e7\u00e3o se atender \u00e0s diretrizes iniciais do DACA :<\/p>\n<p>N\u00e3o se ausentou dos Estados Unidos em ou ap\u00f3s 15 de agosto de 2012, sem liberdade condicional antecipada;<br \/>\nTer residido continuamente nos Estados Unidos desde que enviou sua solicita\u00e7\u00e3o DACA mais recente e foi aprovada;<br \/>\nN\u00e3o ter sido condenado por um crime, uma contraven\u00e7\u00e3o significativa ou tr\u00eas ou mais contraven\u00e7\u00f5es e n\u00e3o representar uma amea\u00e7a \u00e0 seguran\u00e7a nacional ou p\u00fablica.<\/p>\n<h4>QUANDO RENOVAR?<\/h4>\n<p>Voc\u00ea deve enviar sua solicita\u00e7\u00e3o de renova\u00e7\u00e3o cerca de 120 dias ou 4 meses antes que o per\u00edodo atual da a\u00e7\u00e3o adiada se expire. Se voc\u00ea enviar sua solicita\u00e7\u00e3o mais de 150 dias ou 5 meses antes da data de vencimento, o USCIS poder\u00e1 rejeitar seu pedido de renova\u00e7\u00e3o, com instru\u00e7\u00f5es para reenviar mais perto da data de vencimento.<\/p>\n<p>Se o seu DACA expirou dentro de um ano, voc\u00ea ainda pode ser eleg\u00edvel para renova\u00e7\u00e3o. \u00c9 importante falar com um advogado de imigra\u00e7\u00e3o o mais r\u00e1pido poss\u00edvel.[\/et_pb_text][\/et_pb_column][\/et_pb_row][\/et_pb_section][et_pb_section fb_built=&#8221;1&#8243; _builder_version=&#8221;4.20.2&#8243; _module_preset=&#8221;default&#8221; custom_padding=&#8221;0px||||false|false&#8221; global_colors_info=&#8221;{}&#8221;][et_pb_row _builder_version=&#8221;4.21.0&#8243; _module_preset=&#8221;default&#8221; background_color=&#8221;rgba(213,207,203,0.42)&#8221; global_colors_info=&#8221;{}&#8221;][et_pb_column type=&#8221;4_4&#8243; _builder_version=&#8221;4.20.2&#8243; _module_preset=&#8221;default&#8221; global_colors_info=&#8221;{}&#8221;][et_pb_cta button_url=&#8221;@ET-DC@eyJkeW5hbWljIjp0cnVlLCJjb250ZW50IjoicG9zdF9saW5rX3VybF9wYWdlIiwic2V0dGluZ3MiOnsicG9zdF9pZCI6IjMwMjcifX0=@&#8221; button_text=&#8221;FALE CONOSCO&#8221; _builder_version=&#8221;4.21.0&#8243; _dynamic_attributes=&#8221;link_option_url,button_url&#8221; _module_preset=&#8221;default&#8221; body_font=&#8221;Helvetica Neu Bold|700|||||||&#8221; body_text_color=&#8221;gcid-30b07574-da3b-4944-bfd9-3b5cde1edd29&#8243; background_enable_color=&#8221;off&#8221; custom_button=&#8221;on&#8221; button_text_size=&#8221;18px&#8221; button_bg_color=&#8221;gcid-30b07574-da3b-4944-bfd9-3b5cde1edd29&#8243; button_border_width=&#8221;0px&#8221; button_border_radius=&#8221;15px&#8221; button_font=&#8221;Roboto|700||on|||||&#8221; button_use_icon=&#8221;off&#8221; button_custom_margin=&#8221;30px||||false|false&#8221; button_custom_padding=&#8221;|40px||40px|false|true&#8221; module_alignment=&#8221;center&#8221; custom_padding=&#8221;||0px||false|false&#8221; link_option_url=&#8221;@ET-DC@eyJkeW5hbWljIjp0cnVlLCJjb250ZW50IjoicG9zdF9saW5rX3VybF9wYWdlIiwic2V0dGluZ3MiOnsicG9zdF9pZCI6IjUwNiJ9fQ==@&#8221; body_font_size_tablet=&#8221;&#8221; body_font_size_phone=&#8221;20px&#8221; body_font_size_last_edited=&#8221;on|phone&#8221; global_colors_info=&#8221;{%22gcid-30b07574-da3b-4944-bfd9-3b5cde1edd29%22:%91%22body_text_color%22,%22button_bg_color%22%93,%22gcid-eafa90e3-7c53-4465-b3ea-d911763a82f7%22:%91%22button_bg_color__hover%22%93}&#8221; button_bg_color__hover_enabled=&#8221;on|hover&#8221; button_bg_color__hover=&#8221;#400101&#8243; button_bg_enable_color__hover=&#8221;on&#8221;]<\/p>\n<p>Estamos aqui para ajud\u00e1-lo a ganhar seu caso.<br \/>Vamos agendar sua Sess\u00e3o de Planejamento e Estrat\u00e9gia legal hoje.<\/p>\n<p>[\/et_pb_cta][\/et_pb_column][\/et_pb_row][\/et_pb_section]<\/p>\n","protected":false},"excerpt":{"rendered":"<p>RENOVA\u00c7\u00d5ES DE DACAO QUE \u00c9 DACA? A A\u00e7\u00e3o Diferida para Chegadas na Inf\u00e2ncia (DACA) \u00e9 um tipo de al\u00edvio da imigra\u00e7\u00e3o sob o qual o presidente Obama disponibilizou para jovens que vieram para os Estados Unidos quando crian\u00e7as e que atendiam a certos requisitos. O USCIS come\u00e7ou a aceitar solicita\u00e7\u00f5es de DACA em 15 de agosto de 2012. O DACA estava dispon\u00edvel para aqueles que est\u00e3o em processo de remo\u00e7\u00e3o ou receberam ordens de deporta\u00e7\u00e3o final, bem como para aqueles que nunca estiveram em processo de remo\u00e7\u00e3o. Em 20 de janeiro de 2021, o presidente Biden emitiu um memorando instruindo o Secret\u00e1rio de Seguran\u00e7a Interna, em acordo com o Procurador-Geral, a tomar as medidas cab\u00edveis para preservar e fortalecer o DACA, de acordo com a legisla\u00e7\u00e3o aplic\u00e1vel. Em conformidade com uma ordem de um Tribunal Distrital dos Estados Unidos, e a partir de 7 de dezembro de 2020, os Servi\u00e7os de Cidadania e Imigra\u00e7\u00e3o dos EUA (USCIS) est\u00e3o: Aceitando pedidos pela primeira vez para Considera\u00e7\u00e3o de A\u00e7\u00e3o Adiada para Chegadas na Inf\u00e2ncia (DACA) com base nos termos da pol\u00edtica DACA em vigor antes de 5 de setembro de 2017, e de acordo com a ordem do Tribunal de 4 de [&hellip;]<\/p>\n","protected":false},"author":3,"featured_media":0,"parent":0,"menu_order":0,"comment_status":"closed","ping_status":"closed","template":"","meta":{"_et_pb_use_builder":"on","_et_pb_old_content":"","_et_gb_content_width":"","_lmt_disableupdate":"","_lmt_disable":"","footnotes":""},"class_list":["post-325","page","type-page","status-publish","hentry"],"yoast_head":"<!-- This site is optimized with the Yoast SEO Premium plugin v21.5 (Yoast SEO v27.3) - https:\/\/yoast.com\/product\/yoast-seo-premium-wordpress\/ -->\n<title>Servi\u00e7os de Renova\u00e7\u00e3o de DACA | 360 Immigration Law Group<\/title>\n<meta name=\"description\" content=\"Obtenha ajuda especializada para preencher seu pedido de renova\u00e7\u00e3o do DACA. Fale agora com um advogado de renova\u00e7\u00e3o do DACA do 360 Immigration Law Group.\" \/>\n<meta name=\"robots\" content=\"index, follow, max-snippet:-1, max-image-preview:large, max-video-preview:-1\" \/>\n<link rel=\"canonical\" href=\"https:\/\/360immigrationlaw.com\/pt\/renovacoes-de-daca\/\" \/>\n<meta property=\"og:locale\" content=\"pt_PT\" \/>\n<meta property=\"og:type\" content=\"article\" \/>\n<meta property=\"og:title\" content=\"RENOVA\u00c7\u00d5ES DE DACA\" \/>\n<meta property=\"og:description\" content=\"Obtenha ajuda especializada para preencher seu pedido de renova\u00e7\u00e3o do DACA. Fale agora com um advogado de renova\u00e7\u00e3o do DACA do 360 Immigration Law Group.\" \/>\n<meta property=\"og:url\" content=\"https:\/\/360immigrationlaw.com\/pt\/renovacoes-de-daca\/\" \/>\n<meta property=\"og:site_name\" content=\"360 Immigration Law\" \/>\n<meta property=\"article:publisher\" content=\"https:\/\/www.facebook.com\/360Immigration\/\" \/>\n<meta property=\"article:modified_time\" content=\"2025-01-11T10:02:08+00:00\" \/>\n<meta name=\"twitter:card\" content=\"summary_large_image\" \/>\n<meta name=\"twitter:site\" content=\"@360immigration\" \/>\n<meta name=\"twitter:label1\" content=\"Tempo estimado de leitura\" \/>\n\t<meta name=\"twitter:data1\" content=\"5 minutos\" \/>\n<script type=\"application\/ld+json\" class=\"yoast-schema-graph\">{\"@context\":\"https:\\\/\\\/schema.org\",\"@graph\":[{\"@type\":\"WebPage\",\"@id\":\"https:\\\/\\\/360immigrationlaw.com\\\/pt\\\/renovacoes-de-daca\\\/\",\"url\":\"https:\\\/\\\/360immigrationlaw.com\\\/pt\\\/renovacoes-de-daca\\\/\",\"name\":\"Servi\u00e7os de Renova\u00e7\u00e3o de DACA | 360 Immigration Law Group\",\"isPartOf\":{\"@id\":\"https:\\\/\\\/pt.360immigrationlaw.com\\\/#website\"},\"datePublished\":\"2023-03-21T09:22:55+00:00\",\"dateModified\":\"2025-01-11T10:02:08+00:00\",\"description\":\"Obtenha ajuda especializada para preencher seu pedido de renova\u00e7\u00e3o do DACA. Fale agora com um advogado de renova\u00e7\u00e3o do DACA do 360 Immigration Law Group.\",\"breadcrumb\":{\"@id\":\"https:\\\/\\\/360immigrationlaw.com\\\/pt\\\/renovacoes-de-daca\\\/#breadcrumb\"},\"inLanguage\":\"pt-PT\",\"potentialAction\":[{\"@type\":\"ReadAction\",\"target\":[\"https:\\\/\\\/360immigrationlaw.com\\\/pt\\\/renovacoes-de-daca\\\/\"]}]},{\"@type\":\"BreadcrumbList\",\"@id\":\"https:\\\/\\\/360immigrationlaw.com\\\/pt\\\/renovacoes-de-daca\\\/#breadcrumb\",\"itemListElement\":[{\"@type\":\"ListItem\",\"position\":1,\"name\":\"Home\",\"item\":\"https:\\\/\\\/360immigrationlaw.com\\\/pt\\\/\"},{\"@type\":\"ListItem\",\"position\":2,\"name\":\"RENOVA\u00c7\u00d5ES DE DACA\"}]},{\"@type\":\"WebSite\",\"@id\":\"https:\\\/\\\/pt.360immigrationlaw.com\\\/#website\",\"url\":\"https:\\\/\\\/pt.360immigrationlaw.com\\\/\",\"name\":\"360 Immigration Law\",\"description\":\"Advogado de imigra\u00e7\u00e3o na Fl\u00f3rida\",\"publisher\":{\"@id\":\"https:\\\/\\\/pt.360immigrationlaw.com\\\/#organization\"},\"potentialAction\":[{\"@type\":\"SearchAction\",\"target\":{\"@type\":\"EntryPoint\",\"urlTemplate\":\"https:\\\/\\\/pt.360immigrationlaw.com\\\/?s={search_term_string}\"},\"query-input\":{\"@type\":\"PropertyValueSpecification\",\"valueRequired\":true,\"valueName\":\"search_term_string\"}}],\"inLanguage\":\"pt-PT\"},{\"@type\":\"Organization\",\"@id\":\"https:\\\/\\\/pt.360immigrationlaw.com\\\/#organization\",\"name\":\"360 Immigration Law\",\"url\":\"https:\\\/\\\/pt.360immigrationlaw.com\\\/\",\"logo\":{\"@type\":\"ImageObject\",\"inLanguage\":\"pt-PT\",\"@id\":\"https:\\\/\\\/pt.360immigrationlaw.com\\\/#\\\/schema\\\/logo\\\/image\\\/\",\"url\":\"https:\\\/\\\/360immigrationlaw.com\\\/pt\\\/wp-content\\\/uploads\\\/2023\\\/06\\\/360_Immigration_Law_Group.jpg\",\"contentUrl\":\"https:\\\/\\\/360immigrationlaw.com\\\/pt\\\/wp-content\\\/uploads\\\/2023\\\/06\\\/360_Immigration_Law_Group.jpg\",\"width\":1264,\"height\":932,\"caption\":\"360 Immigration Law\"},\"image\":{\"@id\":\"https:\\\/\\\/pt.360immigrationlaw.com\\\/#\\\/schema\\\/logo\\\/image\\\/\"},\"sameAs\":[\"https:\\\/\\\/www.facebook.com\\\/360Immigration\\\/\",\"https:\\\/\\\/x.com\\\/360immigration\"]}]}<\/script>\n<!-- \/ Yoast SEO Premium plugin. -->","yoast_head_json":{"title":"Servi\u00e7os de Renova\u00e7\u00e3o de DACA | 360 Immigration Law Group","description":"Obtenha ajuda especializada para preencher seu pedido de renova\u00e7\u00e3o do DACA. Fale agora com um advogado de renova\u00e7\u00e3o do DACA do 360 Immigration Law Group.","robots":{"index":"index","follow":"follow","max-snippet":"max-snippet:-1","max-image-preview":"max-image-preview:large","max-video-preview":"max-video-preview:-1"},"canonical":"https:\/\/360immigrationlaw.com\/pt\/renovacoes-de-daca\/","og_locale":"pt_PT","og_type":"article","og_title":"RENOVA\u00c7\u00d5ES DE DACA","og_description":"Obtenha ajuda especializada para preencher seu pedido de renova\u00e7\u00e3o do DACA. Fale agora com um advogado de renova\u00e7\u00e3o do DACA do 360 Immigration Law Group.","og_url":"https:\/\/360immigrationlaw.com\/pt\/renovacoes-de-daca\/","og_site_name":"360 Immigration Law","article_publisher":"https:\/\/www.facebook.com\/360Immigration\/","article_modified_time":"2025-01-11T10:02:08+00:00","twitter_card":"summary_large_image","twitter_site":"@360immigration","twitter_misc":{"Tempo estimado de leitura":"5 minutos"},"schema":{"@context":"https:\/\/schema.org","@graph":[{"@type":"WebPage","@id":"https:\/\/360immigrationlaw.com\/pt\/renovacoes-de-daca\/","url":"https:\/\/360immigrationlaw.com\/pt\/renovacoes-de-daca\/","name":"Servi\u00e7os de Renova\u00e7\u00e3o de DACA | 360 Immigration Law Group","isPartOf":{"@id":"https:\/\/pt.360immigrationlaw.com\/#website"},"datePublished":"2023-03-21T09:22:55+00:00","dateModified":"2025-01-11T10:02:08+00:00","description":"Obtenha ajuda especializada para preencher seu pedido de renova\u00e7\u00e3o do DACA. Fale agora com um advogado de renova\u00e7\u00e3o do DACA do 360 Immigration Law Group.","breadcrumb":{"@id":"https:\/\/360immigrationlaw.com\/pt\/renovacoes-de-daca\/#breadcrumb"},"inLanguage":"pt-PT","potentialAction":[{"@type":"ReadAction","target":["https:\/\/360immigrationlaw.com\/pt\/renovacoes-de-daca\/"]}]},{"@type":"BreadcrumbList","@id":"https:\/\/360immigrationlaw.com\/pt\/renovacoes-de-daca\/#breadcrumb","itemListElement":[{"@type":"ListItem","position":1,"name":"Home","item":"https:\/\/360immigrationlaw.com\/pt\/"},{"@type":"ListItem","position":2,"name":"RENOVA\u00c7\u00d5ES DE DACA"}]},{"@type":"WebSite","@id":"https:\/\/pt.360immigrationlaw.com\/#website","url":"https:\/\/pt.360immigrationlaw.com\/","name":"360 Immigration Law","description":"Advogado de imigra\u00e7\u00e3o na Fl\u00f3rida","publisher":{"@id":"https:\/\/pt.360immigrationlaw.com\/#organization"},"potentialAction":[{"@type":"SearchAction","target":{"@type":"EntryPoint","urlTemplate":"https:\/\/pt.360immigrationlaw.com\/?s={search_term_string}"},"query-input":{"@type":"PropertyValueSpecification","valueRequired":true,"valueName":"search_term_string"}}],"inLanguage":"pt-PT"},{"@type":"Organization","@id":"https:\/\/pt.360immigrationlaw.com\/#organization","name":"360 Immigration Law","url":"https:\/\/pt.360immigrationlaw.com\/","logo":{"@type":"ImageObject","inLanguage":"pt-PT","@id":"https:\/\/pt.360immigrationlaw.com\/#\/schema\/logo\/image\/","url":"https:\/\/360immigrationlaw.com\/pt\/wp-content\/uploads\/2023\/06\/360_Immigration_Law_Group.jpg","contentUrl":"https:\/\/360immigrationlaw.com\/pt\/wp-content\/uploads\/2023\/06\/360_Immigration_Law_Group.jpg","width":1264,"height":932,"caption":"360 Immigration Law"},"image":{"@id":"https:\/\/pt.360immigrationlaw.com\/#\/schema\/logo\/image\/"},"sameAs":["https:\/\/www.facebook.com\/360Immigration\/","https:\/\/x.com\/360immigration"]}]}},"_links":{"self":[{"href":"https:\/\/360immigrationlaw.com\/pt\/wp-json\/wp\/v2\/pages\/325","targetHints":{"allow":["GET"]}}],"collection":[{"href":"https:\/\/360immigrationlaw.com\/pt\/wp-json\/wp\/v2\/pages"}],"about":[{"href":"https:\/\/360immigrationlaw.com\/pt\/wp-json\/wp\/v2\/types\/page"}],"author":[{"embeddable":true,"href":"https:\/\/360immigrationlaw.com\/pt\/wp-json\/wp\/v2\/users\/3"}],"replies":[{"embeddable":true,"href":"https:\/\/360immigrationlaw.com\/pt\/wp-json\/wp\/v2\/comments?post=325"}],"version-history":[{"count":44,"href":"https:\/\/360immigrationlaw.com\/pt\/wp-json\/wp\/v2\/pages\/325\/revisions"}],"predecessor-version":[{"id":83193,"href":"https:\/\/360immigrationlaw.com\/pt\/wp-json\/wp\/v2\/pages\/325\/revisions\/83193"}],"wp:attachment":[{"href":"https:\/\/360immigrationlaw.com\/pt\/wp-json\/wp\/v2\/media?parent=325"}],"curies":[{"name":"wp","href":"https:\/\/api.w.org\/{rel}","templated":true}]}}